{"id":737,"date":"2020-10-18T15:13:24","date_gmt":"2020-10-18T14:13:24","guid":{"rendered":"http:\/\/novi-web.ssspdp.ba\/?page_id=737"},"modified":"2020-10-18T16:23:40","modified_gmt":"2020-10-18T15:23:40","slug":"zene-i-mladi-2","status":"publish","type":"page","link":"https:\/\/ssspdp.ba\/?page_id=737","title":{"rendered":"\u017dene i mladi"},"content":{"rendered":"<p>[et_pb_section fb_built=&#8221;1&#8243; _builder_version=&#8221;4.6.6&#8243; _module_preset=&#8221;default&#8221; title_text=&#8221;zim-header&#8221; background_image=&#8221;http:\/\/ssspdp.ba\/wp-content\/uploads\/2020\/10\/zim-header.jpg&#8221; hover_enabled=&#8221;0&#8243; sticky_enabled=&#8221;0&#8243; height=&#8221;400px&#8221;][et_pb_row _builder_version=&#8221;4.6.6&#8243; _module_preset=&#8221;default&#8221; column_structure=&#8221;2_5,3_5&#8243; custom_padding=&#8221;90px||||false|false&#8221; hover_enabled=&#8221;0&#8243; sticky_enabled=&#8221;0&#8243;][et_pb_column _builder_version=&#8221;4.6.6&#8243; _module_preset=&#8221;default&#8221; type=&#8221;2_5&#8243;][et_pb_text _builder_version=&#8221;4.6.6&#8243; _module_preset=&#8221;default&#8221; hover_enabled=&#8221;0&#8243; sticky_enabled=&#8221;0&#8243; header_text_align=&#8221;left&#8221; header_font=&#8221;|||on|||||&#8221; header_font_size=&#8221;50px&#8221; header_letter_spacing=&#8221;5px&#8221; header_line_height=&#8221;1.5em&#8221; header_text_color=&#8221;#ffffff&#8221; header_text_shadow_style=&#8221;preset1&#8243;]<\/p>\n<h1>SEKCIJA<br \/> \u017dENA I<br \/> OMLADINE<\/h1>\n<p>[\/et_pb_text][\/et_pb_column][et_pb_column _builder_version=&#8221;4.6.6&#8243; _module_preset=&#8221;default&#8221; type=&#8221;3_5&#8243;][\/et_pb_column][\/et_pb_row][\/et_pb_section][et_pb_section fb_built=&#8221;1&#8243; _builder_version=&#8221;4.6.6&#8243; _module_preset=&#8221;default&#8221; custom_margin=&#8221;||||false|false&#8221; custom_padding=&#8221;50px||70px||false|false&#8221;][et_pb_row column_structure=&#8221;1_2,1_2&#8243; _builder_version=&#8221;4.6.5&#8243; _module_preset=&#8221;default&#8221;][et_pb_column type=&#8221;1_2&#8243; _builder_version=&#8221;4.6.5&#8243; _module_preset=&#8221;default&#8221;][et_pb_text _builder_version=&#8221;4.6.6&#8243; _module_preset=&#8221;default&#8221; header_2_letter_spacing=&#8221;4px&#8221; hover_enabled=&#8221;0&#8243; sticky_enabled=&#8221;0&#8243;]<\/p>\n<h2>SEKCIJA \u017dENA\u00a0<\/h2>\n<p>[\/et_pb_text][et_pb_text _builder_version=&#8221;4.6.6&#8243; _module_preset=&#8221;default&#8221; text_font_size=&#8221;16px&#8221; text_line_height=&#8221;1.9em&#8221; hover_enabled=&#8221;0&#8243; sticky_enabled=&#8221;0&#8243;]<\/p>\n<p style=\"text-align: justify;\">Sekcija \u017eena je organizacija u sklopu SS\u0160PDP BiH koja ima za cilj okupljanje \u017eena-\u010dlanica sindikata, borbu za unaprje\u0111enje njihovih prava, uklju\u010divanje \u017eena u sve sindikalne aktivnosti i ostvarivanje pune ravnopravnosti \u017eena sa mu\u0161karcima.<\/p>\n<p style=\"text-align: justify;\">Programom rada<span>\u00a0<\/span><strong>Sekcije \u017eena<\/strong><span>\u00a0<\/span>SS\u0160PDP BiH utvr\u0111uju se sljede\u0107e aktivnosti:<\/p>\n<ol style=\"text-align: justify;\">\n<li>\u00a0Osnivanje aktiva \u017eena, \u010dlanica sindikata, u sindikalnim podru\u017enicama i kantonima i pru\u017eanje pomo\u0107i u izradi njihovih programa rada, formiranja inicijativnih odbora i drugih programskih dokumenata;<\/li>\n<li>Organizovanje seminara i drugih oblika edukacije \u017eena \u2013 \u010dlanica Sindikata;<\/li>\n<li>Uklju\u010divanje \u017eena u sve sindikalne aktivnosti koje organizuje SS\u0160PDP BiH;<\/li>\n<li>Osiguranje odgovaraju\u0107e zastupljenosti \u017eena u organima SS\u0160PDP BiH, odnosno pove\u0107anje broja \u017eena u organima SS\u0160PDP BiH, a naro\u010dito u organima sindikalnih organizacija;<\/li>\n<li>Animiranje \u017eena da se u\u010dlanjuju u sindikat i da ravnopravno ostvaruju i izvr\u0161avaju sindikalna prava i obaveze, odnosno uklju\u010divanje \u017eena u sindikalne akcije i borbu za bolji polo\u017eaj zaposlenih;<\/li>\n<li>Pru\u017eanje pomo\u0107i \u017eenama u za\u0161titi njihovih radnih prava, socijalnoj za\u0161titi i materijalnoj za\u0161titi porodice, s posebnim osvrtom na pru\u017eanje pomo\u0107i \u017eenama u trudno\u0107i i majkama sa malom djecom i samohranim majkama;<\/li>\n<li>Obezbje\u0111enje ve\u0107e za\u0161tite specifi\u010dnih prava i interesa \u017eena kroz kolektivne ugovore, zatim njihovo uklju\u010divanje u kolektivno pregovaranje i primjenu kolektivnih ugovora;<\/li>\n<li>Sprje\u010davanje svih oblika diskriminacije i mobinga prema \u017eenama i ostvarivanje pune ravnopravnosti \u017eena sa mu\u0161karcima, a naro\u010dito iznala\u017eenje na\u010dina za spre\u010davanje nasilja nad \u017eenama i slu\u010dajeva nasilja u porodici;<\/li>\n<li>Organizovanje kulturnih, sportskih, radnih i drugih manifestacija \u017eena i razvijanje svijesti o potrebi uklju\u010divanja \u017eena u sve dru\u0161tvene procese kako u zemlji, tako i u svijetu;<\/li>\n<li>U\u010de\u0161\u0107e \u017eena, \u010dlanica SS\u0160PDP BiH, u programima, seminarima i drugim aktivnostima u okviru Saveza samostalnih sindikata BiH i drugih doma\u0107ih i me\u0111unarodnih sindikata i asocijacija;<\/li>\n<li>Saradnja sa predstavnicima \u017eena drugih doma\u0107ih i me\u0111unarodnih sindikata i udru\u017eenja koja se zala\u017eu za pobolj\u0161anje polo\u017eaja \u017eena i njihovo unaprje\u0111enje;<\/li>\n<li>Informisanje \u017eena putem web-stranice SS\u0160PD BiH, kao i putem dopisa, bro\u0161ura i letaka SS\u0160PDP BiH;<\/li>\n<li>Obavljanje drugih poslova i zadataka koji proizilaze iz programa i dokumenata SS\u0160PDP BiH;.<\/li>\n<\/ol>\n<p style=\"text-align: justify;\">Ovaj Program rada Sekcije \u017eena Samostalnog sindikata \u0161umarstva, prerade drveta i papira BiH je polazi\u0161te za izradu godi\u0161njih programa Sekcije \u017eena SS\u0160PDP BIH u periodu oktobar 2012. \u2013 oktobar 2016. godine, \u00a0u kojima \u0107e se odre\u0111ivati konkretni zadaci i precizirati na\u010din njihove realizacije.<\/p>\n<p style=\"text-align: justify;\"><strong>Skup\u0161tina Sekcije \u017eena Sindikata odr\u017eana je 15. \u00a0oktobra 2012. godine<\/strong><span>\u00a0<\/span>i za \u010dlanice Izvr\u0161nog odbora izabrane su:<\/p>\n<ol>\n<li style=\"text-align: justify;\">Zenajda \u0160eremet \u2013 Zavidovi\u0107i (\u0160PD Zeni\u010dko-Dobojskog Kantona), predsjednica<\/li>\n<li style=\"text-align: justify;\">Bediha Aluki\u0107 \u2013 Biha\u0107 (\u0160PD \u201cUnsko-sanske \u0161ume\u201d), zamjenica<\/li>\n<li style=\"text-align: justify;\">Na\u0111a \u0110ana \u2013 Maglaj (Natron-Hayat d.o.o.), \u010dlanica<\/li>\n<li style=\"text-align: justify;\">Emira Dedi\u0107 \u2013 Sarajevo (KJP \u201cSarajevo-\u0161ume\u201d), \u010dlanica<\/li>\n<li style=\"text-align: justify;\">Mirsada \u010corbi\u0107 \u2013 Kladanj (\u0160ume Tuzlanskog kantona d.d.), \u010dlanica<\/li>\n<\/ol>\n<p>[\/et_pb_text][\/et_pb_column][et_pb_column type=&#8221;1_2&#8243; _builder_version=&#8221;4.6.5&#8243; _module_preset=&#8221;default&#8221;][et_pb_text _builder_version=&#8221;4.6.6&#8243; _module_preset=&#8221;default&#8221; header_2_letter_spacing=&#8221;4px&#8221; hover_enabled=&#8221;0&#8243; sticky_enabled=&#8221;0&#8243;]<\/p>\n<h2>SEKCIJA OMLADINE<\/h2>\n<p>[\/et_pb_text][et_pb_text _builder_version=&#8221;4.6.6&#8243; _module_preset=&#8221;default&#8221; text_font_size=&#8221;16px&#8221; text_line_height=&#8221;1.9em&#8221; hover_enabled=&#8221;0&#8243; sticky_enabled=&#8221;0&#8243;]<\/p>\n<p><strong>Sekcija mladih<\/strong><span>\u00a0<\/span>je vanstrana\u010dka i vanpoliti\u010dka organizacija u okviru Samostalnog sindikata \u0161umarstva, prerade drveta i papira BiH (SS\u0160PDP BiH), \u010diji je cilj okupljanje sada\u0161njih i budu\u0107ih mladih \u010dlanova sindikata i borba za ostvarivanje njenih zadataka u ovoj populaciji.<\/p>\n<p>Programom rada Sekcije mladih SS\u0160PDP BiH utvr\u0111uju se sljede\u0107e aktivnosti:<\/p>\n<ol>\n<li>Animiranje mladih zaposlenika u \u010dlanstvo Sindikata;<\/li>\n<li>Osnivanje aktiva mladih \u010dlanova sindikata u sindikalnim podru\u017enicama i kantonima i pru\u017eanje pomo\u0107i u izradi njihovih programa rada, formiranja inicijativnih odbora i drugih programskih dokumenata;<\/li>\n<li>Uklju\u010divanje mladih u sve sindikalne aktivnosti koje organizuje SS\u0160PDP BiH;<\/li>\n<li>Osposobljavanje mladih \u010dlanova za sindikalni rad, njihovo masovno uklju\u010divanje u rad sindikata u sindikalnoj podru\u017enici i osposobljavanje za funkciju sindikalnog povjerenika;<\/li>\n<li>Osiguranje odgovaraju\u0107e zastupljenosti mladih u organima SS\u0160PDP BiH;<\/li>\n<li>Organizovanje seminara i drugih oblika edukacije mladih, te \u00a0izrada bro\u0161ura, letaka o pravima iz osnova rada i o sindikalnoj aktivnosti;<\/li>\n<li>Upoznavanje javnosti sa specifi\u010dnim problemima mladih zaposlenika u sektorima \u0161umarstva, drvoprera\u0111iva\u010dke industrije i papirne industrije.<\/li>\n<li>Poticanje poslodavaca da u privrednim dru\u0161tvima vi\u0161e anga\u017euju mlade, da koriste olak\u0161ice i programe za zapo\u0161ljavanje mladih koje nude Federalni i kantonalni zavodi za zapo\u0161ljavanje te da omogu\u0107e mladim zaposlenicima sticanje radnog iskustva u obavljanju poslova odre\u0111enog zanimanja, te zalaganje za zapo\u0161ljavanje mladih u privrednim dru\u0161tvima na neodre\u0111eno vrijeme;<\/li>\n<li>Afirmacija i za\u0161tita specifi\u010dnih profesionalnih, radnih, socijalnih i sindikalnih prava i interesa mladih zaposlenika u sektoru \u0161umarstva, prerade drveta i papira;<\/li>\n<li>Anga\u017eovanje na rje\u0161avanju problema pri zapo\u0161ljavanju mladih;<\/li>\n<li>Sprje\u010davanje svih oblika diskriminacije prema mladima, borba za dosljednu primjenu propisa o posebnoj za\u0161titi mladih na radu;<\/li>\n<li>\u00a0Organizovanje kulturnih, sportskih, radnih i drugih manifestacija mladih i razvijanje svijesti i potrebi njihovog uklju\u010divanja u sve dru\u0161tvene procese, kako u zemlji, tako i u svijetu;<\/li>\n<li>Zna\u010dajnije uklju\u010divanje mladih u kolektivno pregovaranje i primjenu radnog i socijalnog zakonodavstva;<\/li>\n<li>U\u010de\u0161\u0107e mladih sindikalnih predstavnika SS\u0160PDP BiH u programima, seminarima i drugim aktivnostima u okviru Saveza samostalnih sindikata BiH i drugih doma\u0107ih i me\u0111unarodnih sindikata i asocijacija;<\/li>\n<li>Saradnja sa predstavnicima mladih drugih doma\u0107ih i me\u0111unarodnih sindikata i udru\u017eenja koja se zala\u017eu za pobolj\u0161anje polo\u017eaja mladih i njihovo unaprje\u0111enje;<\/li>\n<li>Borba za za\u0161titu \u010dovjekove sredine;<\/li>\n<li>Informisanje mladih putem web-stranice SS\u0160PD BiH, dopisa, bro\u0161ura i letaka SS\u0160PDP BiH.<\/li>\n<li>Obavljanje drugih poslova i zadataka koji proizilaze iz programa i dokumenata SS\u0160PDP BiH;<\/li>\n<\/ol>\n<p>Ovaj Program rada Sekcije mladih Samostalnog sindikata \u0161umarstva, prerade drveta i papira BiH je polazi\u0161te za izradu godi\u0161njih programa Sekcije mladih SS\u0160PDP BIH u periodu oktobar 2012. \u2013 oktobar 2016. godine,\u00a0 u kojima \u0107e se odre\u0111ivati konkretni zadaci i precizirati na\u010din njihove realizacije.<\/p>\n<p><strong>Skup\u0161tina Sekcije mladih odr\u017eana je 15. oktobra 2012. godine<\/strong><span>\u00a0<\/span>i za \u010dlanove Izvr\u0161nog odbora izabrani su:<\/p>\n<ol>\n<li>Asmir \u0160ahinovi\u0107 \u2013 Maglaj (Natron-Hayat d.o.o.), predsjednik<\/li>\n<li>Indira Alihod\u017ei\u0107 \u2013 Sarajevo (KJP \u201cSarajevo-\u0161ume\u201d), zamjenik<\/li>\n<li>Amel Mazalovi\u0107 \u2013 Kladanj (\u0160ume Tuzlanskog kantona d.d.), \u010dlan<\/li>\n<li>Mirza Ahmetak \u2013 Donji Vakuf (\u0160PD \u201cSrednjobosanske \u0161ume\u201d \u2013 \u0160umarija Fojnica), \u010dlan<\/li>\n<li>Amir Halilovi\u0107 \u2013 Olovo (\u0160PD \u201cSrednjobosanske \u0161ume\u201d \u2013 \u0160umarija Olovo), \u010dlan<\/li>\n<\/ol>\n<p>[\/et_pb_text][\/et_pb_column][\/et_pb_row][\/et_pb_section]<\/p>\n<span class=\"et_bloom_bottom_trigger\"><\/span>","protected":false},"excerpt":{"rendered":"<p>SEKCIJA \u017dENA I OMLADINE SEKCIJA \u017dENA\u00a0 Sekcija \u017eena je organizacija u sklopu SS\u0160PDP BiH koja ima za cilj okupljanje \u017eena-\u010dlanica sindikata, borbu za unaprje\u0111enje njihovih prava, uklju\u010divanje \u017eena u sve sindikalne aktivnosti i ostvarivanje pune ravnopravnosti \u017eena sa mu\u0161karcima. Programom rada\u00a0Sekcije \u017eena\u00a0SS\u0160PDP BiH utvr\u0111uju se sljede\u0107e aktivnosti: \u00a0Osnivanje aktiva \u017eena, \u010dlanica sindikata, u sindikalnim podru\u017enicama [&hellip;]<\/p>\n","protected":false},"author":1,"featured_media":0,"parent":0,"menu_order":0,"comment_status":"closed","ping_status":"closed","template":"","meta":{"_et_pb_use_builder":"on","_et_pb_old_content":"<!-- wp:divi\/placeholder \/-->","_et_gb_content_width":"","footnotes":""},"class_list":["post-737","page","type-page","status-publish","hentry"],"yoast_head":"<!-- This site is optimized with the Yoast SEO plugin v27.5 - https:\/\/yoast.com\/product\/yoast-seo-wordpress\/ -->\n<title>\u017dene i mladi - Samostalni sindikat \u0161umarstva, prerade drveta i papira Bosne i Hercegovine<\/title>\n<meta name=\"robots\" content=\"index, follow, max-snippet:-1, max-image-preview:large, max-video-preview:-1\" \/>\n<link rel=\"canonical\" href=\"https:\/\/ssspdp.ba\/?page_id=737\" \/>\n<meta property=\"og:locale\" content=\"en_US\" \/>\n<meta property=\"og:type\" content=\"article\" \/>\n<meta property=\"og:title\" content=\"\u017dene i mladi - Samostalni sindikat \u0161umarstva, prerade drveta i papira Bosne i Hercegovine\" \/>\n<meta property=\"og:description\" content=\"SEKCIJA \u017dENA I OMLADINE SEKCIJA \u017dENA\u00a0 Sekcija \u017eena je organizacija u sklopu SS\u0160PDP BiH koja ima za cilj okupljanje \u017eena-\u010dlanica sindikata, borbu za unaprje\u0111enje njihovih prava, uklju\u010divanje \u017eena u sve sindikalne aktivnosti i ostvarivanje pune ravnopravnosti \u017eena sa mu\u0161karcima. Programom rada\u00a0Sekcije \u017eena\u00a0SS\u0160PDP BiH utvr\u0111uju se sljede\u0107e aktivnosti: \u00a0Osnivanje aktiva \u017eena, \u010dlanica sindikata, u sindikalnim podru\u017enicama [&hellip;]\" \/>\n<meta property=\"og:url\" content=\"https:\/\/ssspdp.ba\/?page_id=737\" \/>\n<meta property=\"og:site_name\" content=\"Samostalni sindikat \u0161umarstva, prerade drveta i papira Bosne i Hercegovine\" \/>\n<meta property=\"article:publisher\" content=\"https:\/\/www.facebook.com\/Samostalni-sindikat-%c5%a1umarstva-prerade-drveta-i-papira-BiH-1740799582820896\/?ref=page_internal\" \/>\n<meta property=\"article:modified_time\" content=\"2020-10-18T15:23:40+00:00\" \/>\n<meta name=\"twitter:card\" content=\"summary_large_image\" \/>\n<meta name=\"twitter:label1\" content=\"Est. reading time\" \/>\n\t<meta name=\"twitter:data1\" content=\"6 minutes\" \/>\n<script type=\"application\/ld+json\" class=\"yoast-schema-graph\">{\"@context\":\"https:\\\/\\\/schema.org\",\"@graph\":[{\"@type\":\"WebPage\",\"@id\":\"https:\\\/\\\/ssspdp.ba\\\/?page_id=737\",\"url\":\"https:\\\/\\\/ssspdp.ba\\\/?page_id=737\",\"name\":\"\u017dene i mladi - Samostalni sindikat \u0161umarstva, prerade drveta i papira Bosne i Hercegovine\",\"isPartOf\":{\"@id\":\"https:\\\/\\\/ssspdp.ba\\\/#website\"},\"datePublished\":\"2020-10-18T14:13:24+00:00\",\"dateModified\":\"2020-10-18T15:23:40+00:00\",\"breadcrumb\":{\"@id\":\"https:\\\/\\\/ssspdp.ba\\\/?page_id=737#breadcrumb\"},\"inLanguage\":\"en-US\",\"potentialAction\":[{\"@type\":\"ReadAction\",\"target\":[\"https:\\\/\\\/ssspdp.ba\\\/?page_id=737\"]}]},{\"@type\":\"BreadcrumbList\",\"@id\":\"https:\\\/\\\/ssspdp.ba\\\/?page_id=737#breadcrumb\",\"itemListElement\":[{\"@type\":\"ListItem\",\"position\":1,\"name\":\"Home\",\"item\":\"https:\\\/\\\/ssspdp.ba\\\/\"},{\"@type\":\"ListItem\",\"position\":2,\"name\":\"\u017dene i mladi\"}]},{\"@type\":\"WebSite\",\"@id\":\"https:\\\/\\\/ssspdp.ba\\\/#website\",\"url\":\"https:\\\/\\\/ssspdp.ba\\\/\",\"name\":\"Samostalni sindikat \u0161umarstva, prerade drveta i papira Bosne i Hercegovine\",\"description\":\"\",\"publisher\":{\"@id\":\"https:\\\/\\\/ssspdp.ba\\\/#organization\"},\"potentialAction\":[{\"@type\":\"SearchAction\",\"target\":{\"@type\":\"EntryPoint\",\"urlTemplate\":\"https:\\\/\\\/ssspdp.ba\\\/?s={search_term_string}\"},\"query-input\":{\"@type\":\"PropertyValueSpecification\",\"valueRequired\":true,\"valueName\":\"search_term_string\"}}],\"inLanguage\":\"en-US\"},{\"@type\":\"Organization\",\"@id\":\"https:\\\/\\\/ssspdp.ba\\\/#organization\",\"name\":\"Samostalni sindikat \u0161umarstva, prerade drveta i papira Bosne i Hercegovine\",\"url\":\"https:\\\/\\\/ssspdp.ba\\\/\",\"logo\":{\"@type\":\"ImageObject\",\"inLanguage\":\"en-US\",\"@id\":\"https:\\\/\\\/ssspdp.ba\\\/#\\\/schema\\\/logo\\\/image\\\/\",\"url\":\"https:\\\/\\\/ssspdp.ba\\\/wp-content\\\/uploads\\\/2020\\\/10\\\/web-logo.png\",\"contentUrl\":\"https:\\\/\\\/ssspdp.ba\\\/wp-content\\\/uploads\\\/2020\\\/10\\\/web-logo.png\",\"width\":623,\"height\":100,\"caption\":\"Samostalni sindikat \u0161umarstva, prerade drveta i papira Bosne i Hercegovine\"},\"image\":{\"@id\":\"https:\\\/\\\/ssspdp.ba\\\/#\\\/schema\\\/logo\\\/image\\\/\"},\"sameAs\":[\"https:\\\/\\\/www.facebook.com\\\/Samostalni-sindikat-\u0161umarstva-prerade-drveta-i-papira-BiH-1740799582820896\\\/?ref=page_internal\"]}]}<\/script>\n<!-- \/ Yoast SEO plugin. -->","yoast_head_json":{"title":"\u017dene i mladi - Samostalni sindikat \u0161umarstva, prerade drveta i papira Bosne i Hercegovine","robots":{"index":"index","follow":"follow","max-snippet":"max-snippet:-1","max-image-preview":"max-image-preview:large","max-video-preview":"max-video-preview:-1"},"canonical":"https:\/\/ssspdp.ba\/?page_id=737","og_locale":"en_US","og_type":"article","og_title":"\u017dene i mladi - Samostalni sindikat \u0161umarstva, prerade drveta i papira Bosne i Hercegovine","og_description":"SEKCIJA \u017dENA I OMLADINE SEKCIJA \u017dENA\u00a0 Sekcija \u017eena je organizacija u sklopu SS\u0160PDP BiH koja ima za cilj okupljanje \u017eena-\u010dlanica sindikata, borbu za unaprje\u0111enje njihovih prava, uklju\u010divanje \u017eena u sve sindikalne aktivnosti i ostvarivanje pune ravnopravnosti \u017eena sa mu\u0161karcima. Programom rada\u00a0Sekcije \u017eena\u00a0SS\u0160PDP BiH utvr\u0111uju se sljede\u0107e aktivnosti: \u00a0Osnivanje aktiva \u017eena, \u010dlanica sindikata, u sindikalnim podru\u017enicama [&hellip;]","og_url":"https:\/\/ssspdp.ba\/?page_id=737","og_site_name":"Samostalni sindikat \u0161umarstva, prerade drveta i papira Bosne i Hercegovine","article_publisher":"https:\/\/www.facebook.com\/Samostalni-sindikat-%c5%a1umarstva-prerade-drveta-i-papira-BiH-1740799582820896\/?ref=page_internal","article_modified_time":"2020-10-18T15:23:40+00:00","twitter_card":"summary_large_image","twitter_misc":{"Est. reading time":"6 minutes"},"schema":{"@context":"https:\/\/schema.org","@graph":[{"@type":"WebPage","@id":"https:\/\/ssspdp.ba\/?page_id=737","url":"https:\/\/ssspdp.ba\/?page_id=737","name":"\u017dene i mladi - Samostalni sindikat \u0161umarstva, prerade drveta i papira Bosne i Hercegovine","isPartOf":{"@id":"https:\/\/ssspdp.ba\/#website"},"datePublished":"2020-10-18T14:13:24+00:00","dateModified":"2020-10-18T15:23:40+00:00","breadcrumb":{"@id":"https:\/\/ssspdp.ba\/?page_id=737#breadcrumb"},"inLanguage":"en-US","potentialAction":[{"@type":"ReadAction","target":["https:\/\/ssspdp.ba\/?page_id=737"]}]},{"@type":"BreadcrumbList","@id":"https:\/\/ssspdp.ba\/?page_id=737#breadcrumb","itemListElement":[{"@type":"ListItem","position":1,"name":"Home","item":"https:\/\/ssspdp.ba\/"},{"@type":"ListItem","position":2,"name":"\u017dene i mladi"}]},{"@type":"WebSite","@id":"https:\/\/ssspdp.ba\/#website","url":"https:\/\/ssspdp.ba\/","name":"Samostalni sindikat \u0161umarstva, prerade drveta i papira Bosne i Hercegovine","description":"","publisher":{"@id":"https:\/\/ssspdp.ba\/#organization"},"potentialAction":[{"@type":"SearchAction","target":{"@type":"EntryPoint","urlTemplate":"https:\/\/ssspdp.ba\/?s={search_term_string}"},"query-input":{"@type":"PropertyValueSpecification","valueRequired":true,"valueName":"search_term_string"}}],"inLanguage":"en-US"},{"@type":"Organization","@id":"https:\/\/ssspdp.ba\/#organization","name":"Samostalni sindikat \u0161umarstva, prerade drveta i papira Bosne i Hercegovine","url":"https:\/\/ssspdp.ba\/","logo":{"@type":"ImageObject","inLanguage":"en-US","@id":"https:\/\/ssspdp.ba\/#\/schema\/logo\/image\/","url":"https:\/\/ssspdp.ba\/wp-content\/uploads\/2020\/10\/web-logo.png","contentUrl":"https:\/\/ssspdp.ba\/wp-content\/uploads\/2020\/10\/web-logo.png","width":623,"height":100,"caption":"Samostalni sindikat \u0161umarstva, prerade drveta i papira Bosne i Hercegovine"},"image":{"@id":"https:\/\/ssspdp.ba\/#\/schema\/logo\/image\/"},"sameAs":["https:\/\/www.facebook.com\/Samostalni-sindikat-\u0161umarstva-prerade-drveta-i-papira-BiH-1740799582820896\/?ref=page_internal"]}]}},"_links":{"self":[{"href":"https:\/\/ssspdp.ba\/index.php?rest_route=\/wp\/v2\/pages\/737","targetHints":{"allow":["GET"]}}],"collection":[{"href":"https:\/\/ssspdp.ba\/index.php?rest_route=\/wp\/v2\/pages"}],"about":[{"href":"https:\/\/ssspdp.ba\/index.php?rest_route=\/wp\/v2\/types\/page"}],"author":[{"embeddable":true,"href":"https:\/\/ssspdp.ba\/index.php?rest_route=\/wp\/v2\/users\/1"}],"replies":[{"embeddable":true,"href":"https:\/\/ssspdp.ba\/index.php?rest_route=%2Fwp%2Fv2%2Fcomments&post=737"}],"version-history":[{"count":4,"href":"https:\/\/ssspdp.ba\/index.php?rest_route=\/wp\/v2\/pages\/737\/revisions"}],"predecessor-version":[{"id":745,"href":"https:\/\/ssspdp.ba\/index.php?rest_route=\/wp\/v2\/pages\/737\/revisions\/745"}],"wp:attachment":[{"href":"https:\/\/ssspdp.ba\/index.php?rest_route=%2Fwp%2Fv2%2Fmedia&parent=737"}],"curies":[{"name":"wp","href":"https:\/\/api.w.org\/{rel}","templated":true}]}}